{"id":550,"date":"2023-02-27T23:38:50","date_gmt":"2023-02-27T23:38:50","guid":{"rendered":"https:\/\/danielbota.com.br\/portfolio\/?page_id=550"},"modified":"2026-01-07T14:02:21","modified_gmt":"2026-01-07T14:02:21","slug":"cv-artistico","status":"publish","type":"page","link":"https:\/\/danielbota.com.br\/portfolio\/cv-artistico\/","title":{"rendered":"CV Art\u00edstico"},"content":{"rendered":"\t\t<div data-elementor-type=\"wp-page\" data-elementor-id=\"550\" class=\"elementor elementor-550\" data-elementor-post-type=\"page\">\n\t\t\t\t\t\t<section class=\"elementor-section elementor-top-section elementor-element elementor-element-2fe680f elementor-section-boxed elementor-section-height-default elementor-section-height-default\" data-id=\"2fe680f\" data-element_type=\"section\" data-e-type=\"section\" data-settings=\"{&quot;background_background&quot;:&quot;classic&quot;}\">\n\t\t\t\t\t\t<div class=\"elementor-container elementor-column-gap-default\">\n\t\t\t\t\t<div class=\"elementor-column elementor-col-100 elementor-top-column elementor-element elementor-element-8f466ef\" data-id=\"8f466ef\" data-element_type=\"column\" data-e-type=\"column\" data-settings=\"{&quot;background_background&quot;:&quot;classic&quot;}\">\n\t\t\t<div class=\"elementor-widget-wrap elementor-element-populated\">\n\t\t\t\t\t\t<section class=\"elementor-section elementor-inner-section elementor-element elementor-element-fa42449 elementor-section-boxed elementor-section-height-default elementor-section-height-default\" data-id=\"fa42449\" data-element_type=\"section\" data-e-type=\"section\">\n\t\t\t\t\t\t<div class=\"elementor-container elementor-column-gap-default\">\n\t\t\t\t\t<div class=\"elementor-column elementor-col-50 elementor-inner-column elementor-element elementor-element-edc1ddd\" data-id=\"edc1ddd\" data-element_type=\"column\" data-e-type=\"column\">\n\t\t\t<div class=\"elementor-widget-wrap elementor-element-populated\">\n\t\t\t\t\t\t<div class=\"elementor-element elementor-element-1904f86 elementor-widget elementor-widget-text-editor\" data-id=\"1904f86\" data-element_type=\"widget\" data-e-type=\"widget\" data-widget_type=\"text-editor.default\">\n\t\t\t\t<div class=\"elementor-widget-container\">\n\t\t\t\t\t\t\t\t\t<p><strong>2025<\/strong><\/p>\n<ul>\n<li>Lan\u00e7amento do Livro \u201cDevocional Ora\u00e7\u00e3o &amp; Arte\u201d com a Editora Lion.<\/li>\n<li>Pr\u00eamio Destaque Profissional \u201cCelebration Awards 2025\u201d recebido na C\u00e2mara de Vereadores de S\u00e3o Paulo &#8211; ALESP. S\u00e3o Paulo \/ SP \u2013 Brasil.<\/li>\n<li>Exposi\u00e7\u00e3o Individual \u201cFragmentos\u201d. C\u00e2mara de Vereadores de Itatiba \/ SP &#8211; Brasil.<\/li>\n<li>Exposi\u00e7\u00e3o Individual. Prefeitura de Itatiba \/ SP &#8211; Brasil.<\/li>\n<li style=\"font-size: 13px;\">Exposi\u00e7\u00e3o Coletiva &#8220;Polo Creative&#8221; no evento &#8220;FIC &#8211; Festival de Cinema Crist\u00e3o&#8221;. Yah Church \/ SP &#8211; Brasil.<\/li>\n<li style=\"font-size: 13px;\">Pintura ao Vivo&nbsp;(Live Paint)&nbsp;no evento &#8220;Luz em A\u00e7\u00e3o&#8221; (Igr. Bat do Povo). S\u00e3o Paulo \/ SP \u2013 Brasil.<\/li>\n<li>Exposi\u00e7\u00e3o Individual na IBAB \u2013 Igreja Batista de \u00c1gua Branca \/ SP. Brazil, e 2 Pinturas ao Vivo (Live Paint) feitas durante a \u201cConfer\u00eancia F\u00e9 e Cultura\u201d.<\/li><li>Pintura e grava\u00e7\u00e3o de v\u00eddeo promocional para &#8220;Campanha de Natal &#8211; <i>Tudo pra Todo Mundo&#8221;<\/i> IBAB.&nbsp;&nbsp;S\u00e3o Paulo \/ SP \u2013 Brasil.<\/li>\n<\/ul>\n<p><strong>2024<\/strong><\/p>\n<ul>\n<li>Pr\u00eamio ARET\u00c9 para &#8220;B\u00edblia Verbo \/ Melhor Projeto Gr\u00e1fico&#8221; &#8211; Associa\u00e7\u00e3o de Editores Crist\u00e3os &#8211; ASEC. S\u00e3o Paulo \/ SP \u2013 Brasil.<\/li>\n<li>Pintura ao Vivo&nbsp;(Live Paint)&nbsp;nas 3 Celebra\u00e7\u00f5es de P\u00e1scoa da Igreja Batista de \u00c1gua Branca (IBAB). S\u00e3o Paulo \/ SP \u2013 Brasil.<\/li>\n<li>Pintura ao Vivo&nbsp;(Live Paint)&nbsp;na Confer\u00eancia do Celebrando a Recupera\u00e7\u00e3o. S\u00e3o Paulo \/ SP \u2013 Brasil.<\/li>\n<\/ul>\n<p><strong>2023<\/strong><\/p>\n<ul>\n<li>Exposi\u00e7\u00e3o Coletiva &#8220;Sal\u00e3o de Belas Artes de Piracicaba &#8211; LXVII\u201d Pinacoteca Municipal Miguel Dutra. Piracicaba \/ SP &#8211; Brasil.<\/li>\n<li>Pintura ao Vivo&nbsp;(Live Paint)&nbsp;no Congresso CESE &#8211; Igreja Batista do Recreio. Rio de Janeiro \/ RJ \u2013 Brasil.<\/li>\n<li>Pintura ao Vivo na Confer\u00eancia do Celebrando a Recupera\u00e7\u00e3o. S\u00e3o Paulo \/ SP \u2013 Brasil.<\/li>\n<\/ul>\n<p><strong><br>2022<\/strong><\/p>\n<ul>\n<li>Medalha de Prata com a Pintura \u201cEsta\u00e7\u00e3o da Luz\u201d na Exposi\u00e7\u00e3o Coletiva. \u201cXXXIV Sal\u00e3o de Artes Pl\u00e1sticas de Arceburgo\u201d. Minas Gerais \/ Brasil.<\/li>\n<li>Pintura ao Vivo \u201cMega Artesanal 2022 &amp; LUARTE\u201d. Expo Imigrantes. S\u00e3o Paulo \/ SP \u2013 Brasil.<\/li>\n<li>Pintura ao Vivo na Confer\u00eancia do Celebrando a Recupera\u00e7\u00e3o. S\u00e3o Paulo \/ SP \u2013 Brasil.<\/li>\n<li>Pintura ao Vivo na Igreja IBAB \u201c15 Anos de Celebrando a Recupera\u00e7\u00e3o\u201d. S\u00e3o Paulo \/ SP \u2013 Brasil.<\/li>\n<li>Participa\u00e7\u00e3o no Livro \u201c150 Frases de Artistas\u201d de Bianca Chromiec. Editora Instituto BC.<\/li>\n<\/ul>\n<div>\n<p><strong style=\"color: var( --e-global-color-text ); letter-spacing: var(--bodyletterspacing); text-transform: var(--bodytexttransform);\"><br>2021<\/strong><\/p>\n<\/div>\n<ul>\n<li>Medalha de Ouro com a Pintura \u201cLiberdade\/Freedom\u201d na Exposi\u00e7\u00e3o Coletiva da ACM YMCA (Unidade Lapa). S\u00e3o Paulo \/ SP \u2013 Brasil.<\/li>\n<li>Publica\u00e7\u00e3o da \u201cB\u00edblia Verbo\u201d &#8211; Curadoria Art\u00edstica. Editora 100% Crist\u00e3o e SBB.<\/li>\n<li>Exposi\u00e7\u00e3o Coletiva. \u201cHealing in Colour\u201d Dal Schindell Galery. Vancouver B.C \u2013 Canad\u00e1.<\/li>\n<li>Exposi\u00e7\u00e3o Coletiva. SAV (Sal\u00e3o de Artes Visuais de Vinhedo). Vinhedo \/ SP \u2013 Brasil.<\/li>\n<li>Pintura ao Vivo na Igreja Batista da Lagoinha. S\u00e3o Paulo \/ SP \u2013 Brasil.<\/li>\n<li>Pintura ao Vivo na Igreja IBNU. S\u00e3o Paulo \/ SP \u2013 Brasil.<\/li>\n<li>Pintura ao Vivo na Confer\u00eancia do Celebrando a Recupera\u00e7\u00e3o. S\u00e3o Paulo \/ SP \u2013 Brasil.<\/li>\n<\/ul>\n<p><strong><br>2020<\/strong><\/p>\n<ul>\n<li>Exposi\u00e7\u00e3o Coletiva. SAV (Sal\u00e3o de Artes Visuais de Vinhedo). Vinhedo \/ SP \u2013 Brasil.<\/li>\n<li>Pintura ao Vivo \u201cEncarna\u00e7\u00e3o\u201d e Exposi\u00e7\u00e3o Individual. Miss\u00e3o Sal &amp; Clami. S\u00e3o Paulo \/ SP &#8211; Brasil.<\/li>\n<\/ul>\n<p><strong style=\"color: var( --e-global-color-text ); letter-spacing: var(--bodyletterspacing); text-transform: var(--bodytexttransform);\"><br>2019<\/strong><\/p>\n<ul>\n<li>Exposi\u00e7\u00e3o Coletiva. \u201cXXXII Sal\u00e3o de Artes Pl\u00e1sticas de Arceburgo\u201d. Minas Gerais \/ Brasil.<\/li>\n<li>Exposi\u00e7\u00e3o Individual. O Caruso. S\u00e3o Paulo \/ SP \u2013 Brasil.<\/li>\n<li>Pintura ao Vivo &#8220;Paz\u201d. Confer\u00eancia Celebrando a Recupera\u00e7\u00e3o. S\u00e3o Paulo \/ SP \u2013 Brasil.<\/li>\n<li>Pintura ao Vivo \u201cPornografia\u201d. Glocal. S\u00e3o Paulo \/ SP \u2013 Brasil.<\/li>\n<\/ul>\n<p><strong><br>2018<\/strong><\/p>\n<ul>\n<li>Medalha de Ouro \u201cArte Brasileira\u201d \u2013 Frankfurt \/ Alemanha.<\/li>\n<li>Exposi\u00e7\u00e3o Coletiva. \u201cArte Brasileira\u201d. Figueira da Foz \/ Portugal.<\/li>\n<li>Exposi\u00e7\u00e3o Coletiva. \u201cArte Brasileira\u201d. Osasco \/ Italy.<\/li>\n<li>Exposi\u00e7\u00e3o Coletiva. \u201cArte Brasileira\u201d. Frankfurt \/ Alemanha.<\/li>\n<li>Pintura ao Vivo &#8220;Esperan\u00e7a&#8221;. Confer\u00eancia Celebrando a Recupera\u00e7\u00e3o. S\u00e3o Paulo \/ SP \u2013 Brasil.<\/li>\n<li>Vernissage Coletiva da &#8220;Anjos Art Gallery&#8221; na Prefeitura de Castelo de Vide \/ Portugal.<\/li>\n<li>Exposi\u00e7\u00e3o Coletiva. Tribunal da Justi\u00e7a Militar do Estado de S\u00e3o Paulo. S\u00e3o Paulo \/ SP \u2013 Brasil.<\/li>\n<li>Exposi\u00e7\u00e3o Coletiva. Centro Brit\u00e2nico \u201cXXXII Mostra de Arte CBB\u201d. S\u00e3o Paulo \/ SP \u2013 Brasil.<\/li>\n<li>Exposi\u00e7\u00e3o Coletiva. Butant\u00e3 Shopping \u201cImigra\u00e7\u00e3o no Brasil\u201d. S\u00e3o Paulo \/ SP \u2013 Brasil.<\/li>\n<\/ul>\n<p><strong><br>2017<\/strong><\/p>\n<ul>\n<li>Exposi\u00e7\u00e3o Individual. \u201cTra\u00e7os\u201d \u2013 Esporte Clube Pinheiros. S\u00e3o Paulo \/ SP \u2013 Brasil.<\/li>\n<li>Exposi\u00e7\u00e3o Coletiva. Casa Wolf. S\u00e3o Paulo \/ SP \u2013 Brasil.<\/li>\n<li>Medalha de Ouro \u201cSal\u00e3o da Paisagem Paulista\u201d. Associa\u00e7\u00e3o Paulista de Belas Artes (APBA). S\u00e3o Paulo \/ SP \u2013 Brasil.<\/li>\n<li>Medalha de Prata \u201cSal\u00e3o do Modelo Vivo\u201d. Associa\u00e7\u00e3o Paulista de Belas Artes (APBA). S\u00e3o Paulo \/ SP \u2013 Brasil.<\/li>\n<li>Medalha de Prata \u201cSal\u00e3o de Arte no Papel\u201d. Associa\u00e7\u00e3o Paulista de Belas Artes (APBA). S\u00e3o Paulo \/ SP \u2013 Brasil.<\/li>\n<li>Exposi\u00e7\u00e3o Coletiva \u201cSal\u00e3o da Miniatura\u201d. Associa\u00e7\u00e3o Paulista de Belas Artes (APBA). S\u00e3o Paulo \/ SP \u2013 Brasil.<\/li>\n<li>Palestra sobre \u201cVan Gogh\u201d. Glocal. S\u00e3o Paulo \/ SP \u2013 Brasil.<\/li>\n<\/ul>\t\t\t\t\t\t\t\t<\/div>\n\t\t\t\t<\/div>\n\t\t\t\t\t<\/div>\n\t\t<\/div>\n\t\t\t\t<div class=\"elementor-column elementor-col-50 elementor-inner-column elementor-element elementor-element-40c126c\" data-id=\"40c126c\" data-element_type=\"column\" data-e-type=\"column\">\n\t\t\t<div class=\"elementor-widget-wrap elementor-element-populated\">\n\t\t\t\t\t\t<div class=\"elementor-element elementor-element-1961d24 elementor-widget elementor-widget-text-editor\" data-id=\"1961d24\" data-element_type=\"widget\" data-e-type=\"widget\" data-widget_type=\"text-editor.default\">\n\t\t\t\t<div class=\"elementor-widget-container\">\n\t\t\t\t\t\t\t\t\t<p><strong>2016<\/strong><\/p><ul><li>Medalha de Prata \u201cSal\u00e3o do Desenho\u201d. Associa\u00e7\u00e3o Paulista de Belas Artes (APBA). S\u00e3o Paulo \/ SP \u2013 Brasil.<\/li><li>Exposi\u00e7\u00e3o Coletiva \u201cSal\u00e3o da Marinha\u201d. Associa\u00e7\u00e3o Paulista de Belas Artes (APBA). S\u00e3o Paulo \/ SP \u2013 Brasil.<\/li><li>Medalha de Prata \u201cSal\u00e3o de Arte Moderna\u201d. Associa\u00e7\u00e3o Paulista de Belas Artes (APBA). S\u00e3o Paulo \/ SP \u2013 Brasil.<\/li><li>Medalha de Prata \u201cSal\u00e3o do Modelo Vivo\u201d. Associa\u00e7\u00e3o Paulista de Belas Artes (APBA). S\u00e3o Paulo \/ SP \u2013 Brasil.<\/li><li>Medalha de Bronze \u201cSal\u00e3o da Primavera\u201d. Associa\u00e7\u00e3o Paulista de Belas Artes (APBA). S\u00e3o Paulo \/ SP \u2013 Brasil.<\/li><li>Exposi\u00e7\u00e3o Individual &#8220;Bodyboard Art Book&#8221; Cerim\u00f4nia de Lan\u00e7amento FNAC Shopping Morumbi. S\u00e3o Paulo \/ SP \u2013 Brasil.<\/li><li>Entrevista para o Instituto Ayrton Senna (IAS) sobre pintura em tributo ao piloto. S\u00e3o Paulo \/ SP \u2013 Brasil.\u201d<\/li><li>S\u00e9rie de Pinturas em homenagens aos surfistas do \u201cBrazilian Storm (Gabriel Medina, Filipe Toledo, Adriano de Souza and Miguel Pupo). S\u00e3o Paulo \/ SP \u2013 Brasil.<\/li><li>CasaCor Campinas \u2013 \u201cSuite do Filho mais Velho\u201d arquiteto Paulo Di Mello. Campinas \/ SP \u2013 Brasil.<\/li><li>Exposi\u00e7\u00e3o Individual na \u201cILUM Design da Luz\u201d. S\u00e3o Paulo \/ SP \u2013 Brasil.<\/li><\/ul><p><strong><br \/>2015<\/strong><\/p><ul><li>Exposi\u00e7\u00e3o Individual \u201cExpont\u00e2neo \/ Maison de La Music\u201d. S\u00e3o Paulo \/ SP \u2013 Brasil.<\/li><li>Exposi\u00e7\u00e3o Individual \u201c3rd Beard Beer Festival\u201d. S\u00e3o Paulo \/ SP \u2013 Brasil.<\/li><li>Medalha de Prata \u201cSal\u00e3o de Arte Moderna\u201d. Associa\u00e7\u00e3o Paulista de Belas Artes (APBA). S\u00e3o Paulo \/ SP \u2013 Brasil.<\/li><li>Pr\u00eamio \u201cSal\u00e3o de Modelo Vivo\u201d. Associa\u00e7\u00e3o Paulista de Belas Artes (APBA). S\u00e3o Paulo \/ SP \u2013 Brasil.<\/li><li>CasaCor Litoral \u2013 \u201cStudio da Blogueira\u201d da arquiteta Graziela Garavati. Santos \/ SP \u2013 Brasil.<\/li><li>Leil\u00e3o de Arte. Doa\u00e7\u00e3o de obra para a &#8220;8th Evento Paella Beneficente&#8221; do P\u00f3lo Design de Decora\u00e7\u00e3o. S\u00e3o Paulo \/ SP \u2013 Brasil.<\/li><li>Palestra para o Dia da Trajet\u00f3ria Profissional (Escola Poli): \u201cArte como Profiss\u00e3o\u201d. S\u00e3o Paulo \/ SP \u2013 Brasil.<\/li><li>Palestra sobre a famosa pintura \u201cEcce Homo\u201d de Antonio Ciseri. Glocal. S\u00e3o Paulo \/ SP \u2013 Brasil.<\/li><li>Exposi\u00e7\u00e3o Individual \u201cClub &amp; Casa Design\u201d. S\u00e3o Paulo \/ SP \u2013 Brasil.<\/li><li>Exposi\u00e7\u00e3o Individual &amp; Pintura ao Vivo \u201cFEA USP Unit\u201d Ibrasurf. S\u00e3o Paulo \/ SP \u2013 Brasil.<\/li><\/ul><p><strong><br \/>2014<\/strong><\/p><ul><li>Exposi\u00e7\u00e3o Coletiva &#8211; Accademia d\u2019Arte ADA. Firenze \/ It\u00e1lia.<\/li><li>Exposi\u00e7\u00e3o Coletiva &#8220;III Mostra Cultura de Tabla\u201d Surf Art. Mar del Plata \/ Argentina.<\/li><li>Exposi\u00e7\u00e3o Individual \u2013 Metr\u00f4 Esta\u00e7\u00f5es \u201cVila Madalena\u201d, \u201cS\u00e9\u201d e \u201cSantana\u201d. S\u00e3o Paulo \/ SP \u2013 Brasil.<\/li><li>Exposi\u00e7\u00e3o Individual \u2013 Clube de Oficiais da Pol\u00edcia Militar (AOPM). S\u00e3o Paulo \/ SP Brasil.<\/li><li>Mostra P\u00f3lo Design de Decora\u00e7\u00e3o. Ambiente \u201cCozinha\u201d arquiteta Cibele Petrangelo. S\u00e3o Paulo \/ SP \u2013 Brasil.<\/li><li>Pintura ao Vivo \u201cAbertura Coquetel do Surf &#8211; USP Ibrasurf Star Point\u201d. S\u00e3o Paulo \/ SP \u2013 Brasil.<\/li><li>Exposi\u00e7\u00e3o Individual \u201cSurf Trip SP Contest Award\u201d. S\u00e3o Paulo \/ SP \u2013 Brasil.<\/li><li>Exposi\u00e7\u00e3o Individual \u201cSurf Trip &amp; Super Tubes Surf Skate Party\u201d. S\u00e3o Paulo \/ SP \u2013 Brasil.<\/li><li>Exposi\u00e7\u00e3o Individual Igreja Batista \u201c\u00c1gua Branca\u201d (IBAB). S\u00e3o Paulo \/ SP \u2013 Brasil.<\/li><\/ul><p><strong>\u00a0<br \/><\/strong><strong style=\"color: var( --e-global-color-text ); letter-spacing: var(--bodyletterspacing); text-transform: var(--bodytexttransform);\">2013<\/strong><\/p><ul><li>Pintura ao Vivo &amp; Entrevista para o Programa \u201cStadium\u201d da TV Brasil. Rio de Janeiro \/ RJ \u2013 Brasil.<\/li><\/ul>\t\t\t\t\t\t\t\t<\/div>\n\t\t\t\t<\/div>\n\t\t\t\t\t<\/div>\n\t\t<\/div>\n\t\t\t\t\t<\/div>\n\t\t<\/section>\n\t\t\t\t\t<\/div>\n\t\t<\/div>\n\t\t\t\t\t<\/div>\n\t\t<\/section>\n\t\t\t\t<section class=\"elementor-section elementor-top-section elementor-element elementor-element-b4e1ad7 elementor-section-boxed elementor-section-height-default elementor-section-height-default\" data-id=\"b4e1ad7\" data-element_type=\"section\" data-e-type=\"section\">\n\t\t\t\t\t\t<div class=\"elementor-container elementor-column-gap-default\">\n\t\t\t\t\t<div class=\"elementor-column elementor-col-100 elementor-top-column elementor-element elementor-element-1356c35\" data-id=\"1356c35\" data-element_type=\"column\" data-e-type=\"column\">\n\t\t\t<div class=\"elementor-widget-wrap elementor-element-populated\">\n\t\t\t\t\t\t<div class=\"elementor-element elementor-element-c814037 elementor-widget elementor-widget-spacer\" data-id=\"c814037\" data-element_type=\"widget\" data-e-type=\"widget\" data-widget_type=\"spacer.default\">\n\t\t\t\t<div class=\"elementor-widget-container\">\n\t\t\t\t\t\t\t<div class=\"elementor-spacer\">\n\t\t\t<div class=\"elementor-spacer-inner\"><\/div>\n\t\t<\/div>\n\t\t\t\t\t\t<\/div>\n\t\t\t\t<\/div>\n\t\t\t\t\t<\/div>\n\t\t<\/div>\n\t\t\t\t\t<\/div>\n\t\t<\/section>\n\t\t\t\t<section class=\"elementor-section elementor-top-section elementor-element elementor-element-c683e1f elementor-section-boxed elementor-section-height-default elementor-section-height-default\" data-id=\"c683e1f\" data-element_type=\"section\" data-e-type=\"section\">\n\t\t\t\t\t\t<div class=\"elementor-container elementor-column-gap-default\">\n\t\t\t\t\t<div class=\"elementor-column elementor-col-100 elementor-top-column elementor-element elementor-element-7b64e2b\" data-id=\"7b64e2b\" data-element_type=\"column\" data-e-type=\"column\">\n\t\t\t<div class=\"elementor-widget-wrap elementor-element-populated\">\n\t\t\t\t\t\t<div class=\"elementor-element elementor-element-195ced4 elementor-align-center elementor-widget elementor-widget-button\" data-id=\"195ced4\" data-element_type=\"widget\" data-e-type=\"widget\" data-widget_type=\"button.default\">\n\t\t\t\t<div class=\"elementor-widget-container\">\n\t\t\t\t\t\t\t\t\t<div class=\"elementor-button-wrapper\">\n\t\t\t\t\t<a class=\"elementor-button elementor-button-link elementor-size-sm\" href=\"#topo\">\n\t\t\t\t\t\t<span class=\"elementor-button-content-wrapper\">\n\t\t\t\t\t\t\t\t\t<span class=\"elementor-button-text\">voltar ao topo<\/span>\n\t\t\t\t\t<\/span>\n\t\t\t\t\t<\/a>\n\t\t\t\t<\/div>\n\t\t\t\t\t\t\t\t<\/div>\n\t\t\t\t<\/div>\n\t\t\t\t<div class=\"elementor-element elementor-element-84c847c elementor-widget elementor-widget-spacer\" data-id=\"84c847c\" data-element_type=\"widget\" data-e-type=\"widget\" data-widget_type=\"spacer.default\">\n\t\t\t\t<div class=\"elementor-widget-container\">\n\t\t\t\t\t\t\t<div class=\"elementor-spacer\">\n\t\t\t<div class=\"elementor-spacer-inner\"><\/div>\n\t\t<\/div>\n\t\t\t\t\t\t<\/div>\n\t\t\t\t<\/div>\n\t\t\t\t\t<\/div>\n\t\t<\/div>\n\t\t\t\t\t<\/div>\n\t\t<\/section>\n\t\t\t\t<\/div>\n\t\t","protected":false},"excerpt":{"rendered":"<p>2025 Lan\u00e7amento do Livro \u201cDevocional Ora\u00e7\u00e3o &amp; Arte\u201d com a Editora Lion. Pr\u00eamio Destaque Profissional \u201cCelebration Awards 2025\u201d recebido na C\u00e2mara de Vereadores de S\u00e3o Paulo &#8211; ALESP. S\u00e3o Paulo \/ SP \u2013 Brasil. Exposi\u00e7\u00e3o Individual \u201cFragmentos\u201d. C\u00e2mara de Vereadores de Itatiba \/ SP &#8211; Brasil. Exposi\u00e7\u00e3o Individual. Prefeitura de Itatiba \/ SP &#8211; Brasil. [&hellip;]<\/p>\n","protected":false},"author":1,"featured_media":0,"parent":0,"menu_order":0,"comment_status":"closed","ping_status":"closed","template":"elementor_header_footer","meta":{"footnotes":""},"class_list":["post-550","page","type-page","status-publish","hentry"],"_links":{"self":[{"href":"https:\/\/danielbota.com.br\/portfolio\/wp-json\/wp\/v2\/pages\/550","targetHints":{"allow":["GET"]}}],"collection":[{"href":"https:\/\/danielbota.com.br\/portfolio\/wp-json\/wp\/v2\/pages"}],"about":[{"href":"https:\/\/danielbota.com.br\/portfolio\/wp-json\/wp\/v2\/types\/page"}],"author":[{"embeddable":true,"href":"https:\/\/danielbota.com.br\/portfolio\/wp-json\/wp\/v2\/users\/1"}],"replies":[{"embeddable":true,"href":"https:\/\/danielbota.com.br\/portfolio\/wp-json\/wp\/v2\/comments?post=550"}],"version-history":[{"count":88,"href":"https:\/\/danielbota.com.br\/portfolio\/wp-json\/wp\/v2\/pages\/550\/revisions"}],"predecessor-version":[{"id":20083,"href":"https:\/\/danielbota.com.br\/portfolio\/wp-json\/wp\/v2\/pages\/550\/revisions\/20083"}],"wp:attachment":[{"href":"https:\/\/danielbota.com.br\/portfolio\/wp-json\/wp\/v2\/media?parent=550"}],"curies":[{"name":"wp","href":"https:\/\/api.w.org\/{rel}","templated":true}]}}